{"id":10611,"date":"2019-10-22T14:19:33","date_gmt":"2019-10-22T13:19:33","guid":{"rendered":"https:\/\/trend.agency\/domains\/everythingibiza.com\/\/?page_id=10611"},"modified":"2019-10-22T14:19:33","modified_gmt":"2019-10-22T13:19:33","slug":"aviso-legal","status":"publish","type":"page","link":"https:\/\/www.everythingibiza.com\/fr\/aviso-legal\/","title":{"rendered":"Aviso Legal"},"content":{"rendered":"<p><img decoding=\"async\" src=\"https:\/\/everythingibiza.com\/wp-content\/uploads\/2019\/10\/legal.jpg\" alt=\"\" width=\"272\" height=\"130\" \/><\/p>\n\n<p>Pour se conformer \u00e0 la norme, il faut.. :<\/p>\n\n\n\n<ul class=\"wp-block-list\">\n<li>Incorporer dans un endroit visible du site web les donn\u00e9es de l'entreprise titulaire (requisitos LSSI). La fa\u00e7on la plus \u00e9l\u00e9gante de le faire est d'ajouter \u00e0 la page du site web (commune \u00e0 toutes les pages) un lien vers une page nomm\u00e9e\u00a0<strong>AVISO LEGAL<\/strong>\u00a0que contenga la siguiente informaci\u00f3n :<\/li>\n<\/ul>\n\n\n\n<p>&nbsp;<\/p>\n<p><strong>AVISO LEGAL :<\/strong><\/p>\n\n\n\n<p>&nbsp;<\/p>\n<p>El responsable de esta p\u00e1gina web es : CLUTCH TIME SL, sociedad inscrita en el Registro Mercantil de la provincia de ILLES BALEARS, con C.I.F. B57302903 y domicilio social en Calle Pere Escanellas 19, 07830, Sant Josep de Sa Talaia (ILLES BALEARS)<\/p>\n\n\n\n<p>Tambi\u00e9n puedes contactar con nosotros a trav\u00e9s del n\u00famero de tel\u00e9fono No.\u00a0<strong>+00 34 971 80 36 80<\/strong>\u00a0o a trav\u00e9s de la siguiente direcci\u00f3n de e-mail :\u00a0<a href=\"https:\/\/www.everythingibiza.com\/fr\/get-in-touch\/\" target=\"_blank\" rel=\"noreferrer noopener\">Contactez nous<\/a>.<\/p>\n\n\n\n<h3 class=\"wp-block-heading\">\u00a0<\/h3>\n<h3><strong>Propiedad Intelectual e Industrial<\/strong><\/h3>\n\n\n\n<p>&nbsp;<\/p>\n<p>El dise\u00f1o de este sitio web y sus c\u00f3digos fuente, as\u00ed como los logos, marcas y dem\u00e1s signos distintivos que aparecen en el mismo pertenecen a CLUTCH TIME SL y est\u00e1n protegidos por los correspondientes derechos de propiedad intelectual e industrial.<\/p>\n\n\n\n<h3 class=\"wp-block-heading\">\u00a0<\/h3>\n<h3><strong>Responsabilidad de los contenidos<\/strong><\/h3>\n\n\n\n<p>&nbsp;<\/p>\n<p>CLUTCH TIME SL n'est pas responsable de la l\u00e9galit\u00e9 des autres sites Web de tiers \u00e0 partir desquels les utilisateurs peuvent acc\u00e9der \u00e0 ce site. CLUTCH TIME SL n'est pas responsable de la l\u00e9galit\u00e9 d'autres sites Web de tiers, qui pourraient \u00eatre connect\u00e9s ou li\u00e9s \u00e0 ce site Web.<br \/>CLUTCH TIME SL se r\u00e9serve le droit de modifier son site web sans pr\u00e9avis, dans le but de maintenir ses informations \u00e0 jour, d'ajouter, de modifier, de corriger ou d'\u00e9liminer les contenus publi\u00e9s ou le contenu du portail.<br \/>CLUTCH TIME SL ne sera pas responsable de l'utilisation que des tiers font de l'information publi\u00e9e sur le portail, ni des dommages ou pertes \u00e9conomiques qui, de mani\u00e8re directe ou indirecte, peuvent \u00eatre provoqu\u00e9s par l'utilisation de cette information.<\/p>\n<p>&nbsp;<\/p>\n\n\n\n<h3 class=\"wp-block-heading\"><strong>Reproduction de contenus<\/strong><\/h3>\n<p>&nbsp;<\/p>\n\n\n\n<p>Se proh\u00edbe la reproducci\u00f3n total o parcial de los contenidos publicados en esta web sin la autorizaci\u00f3n previa y por escrito de CLUTCH TIME SL.<\/p>\n\n\n\n<p>Toutes les informations relatives \u00e0 la confidentialit\u00e9 se trouvent dans notre politique de confidentialit\u00e9.<\/p>\n\n\n\n<h3 class=\"wp-block-heading\">\u00a0<\/h3>\n<h3>\u00a0<\/h3>\n<h3><strong>POLITIQUE DE CONFIDENTIALIT\u00c9 :<\/strong><\/h3>\n\n\n\n<h4 class=\"wp-block-heading\">\u00a0<\/h4>\n<h4>\u00a0<\/h4>\n<h4><strong>RESPONSABLE DU TRAITEMENT<\/strong><\/h4>\n<p>&nbsp;<\/p>\n\n\n\n<p>El Responsable del Tratamiento es CLUTCH TIME SL, Calle Pere Escanellas 19, 07830, Sant Josep de Sa Talaia (ILLES BALEARS).<\/p>\n<p>&nbsp;<\/p>\n\n\n\n<h3 class=\"wp-block-heading\"><strong>Principes de confidentialit\u00e9<\/strong><\/h3>\n<p>&nbsp;<\/p>\n\n\n\n<p>Depuis CLUTCH TIME SL, nous nous engageons \u00e0 travailler sans rel\u00e2che pour garantir la confidentialit\u00e9 du traitement de vos donn\u00e9es personnelles et pour vous fournir \u00e0 tout moment les informations les plus compl\u00e8tes et les plus claires possibles. Nous vous invitons \u00e0 lire attentivement cette section avant de nous fournir vos donn\u00e9es personnelles.<br \/>Si eres menor de catorce a\u00f1os te rogamos que no nos facilites tus datos sin consentimiento de tus padres.<br \/>En este apartado te informamos de c\u00f3mo tratamos los datos de las personas que tienen relaci\u00f3n con nuestra organizaci\u00f3n. Empezando por nuestros principios :<br \/>- No solicitamos informaci\u00f3n personal, a no ser que sea necesaria para prestarte los servicios que nos requieras.<br \/>- Nunca compartimos informaci\u00f3n personal con nadie, excepto para cumplir la ley, o contemos con tu autorizaci\u00f3n expresa.<br \/>- Nous n'utiliserons jamais vos donn\u00e9es personnelles \u00e0 des fins autres que celles d\u00e9crites dans la pr\u00e9sente politique de confidentialit\u00e9.<br \/>- Vos donn\u00e9es seront toujours trait\u00e9es avec un niveau de protection adapt\u00e9 \u00e0 la l\u00e9gislation en mati\u00e8re de protection des donn\u00e9es, et nous ne prendrons pas de d\u00e9cisions automatiques.<br \/><br \/>La pr\u00e9sente politique de confidentialit\u00e9 a \u00e9t\u00e9 r\u00e9dig\u00e9e en tenant compte des exigences de la l\u00e9gislation actuelle en mati\u00e8re de protection des donn\u00e9es :<br \/>- Reglamento (UE) 2016\/679 del Parlamento Europeo y del Consejo de 27 de abril de 2016 relativo a la protecci\u00f3n de las personas f\u00edsicas (RGPD).<br \/>- Ley Org\u00e1nica 15\/1999, de 13 de diciembre, de Protecci\u00f3n de Datos de Car\u00e1cter Personal (LOPD).<br \/>- Real Decreto 1720\/2007, de 21 de diciembre (RLOPD).<br \/><br \/>Esta pol\u00edtica de privacidad est\u00e1 redactada con fecha 25 de mayo de 2018.<br \/>Afin de modifier les crit\u00e8res de traitement, de faciliter leur compr\u00e9hension ou de les adapter \u00e0 la l\u00e9gislation en vigueur, il est possible que nous modifiions la pr\u00e9sente politique de confidentialit\u00e9. Nous mettrons \u00e0 jour la date de cette modification afin que vous puissiez v\u00e9rifier si elle est toujours en vigueur.<br \/><br \/><\/p>\n<p>&nbsp;<\/p>\n\n\n\n<h3 class=\"wp-block-heading\"><strong>Traitements que nous r\u00e9alisons<\/strong><\/h3>\n\n\n\n<p>&nbsp;<\/p>\n<p><br \/>TRATAMIENTO DE<strong>\u00a0CONTACTOS<\/strong><\/p>\n<p>&nbsp;<\/p>\n<p><br \/><strong>Finalidad :<\/strong>\u00a0R\u00e9pondre \u00e0 vos demandes, requ\u00eates ou consultations re\u00e7ues sur le web, par courrier \u00e9lectronique ou par t\u00e9l\u00e9phone. R\u00e9pondez \u00e0 votre demande et effectuez un suivi ult\u00e9rieur.<\/p>\n<p><strong>L\u00e9gitimation :<\/strong>\u00a0Consentimiento del interesado.<\/p>\n<p>&nbsp;<\/p>\n<p><strong>Destinatarios :<\/strong>\u00a0No se ceder\u00e1n datos a terceros.<\/p>\n<p>&nbsp;<\/p>\n<p><strong>Periodo de conservaci\u00f3n :<\/strong>\u00a0Nous conservons vos donn\u00e9es pendant le temps n\u00e9cessaire pour respecter la finalit\u00e9 pour laquelle elles ont \u00e9t\u00e9 recueillies et pour d\u00e9terminer les \u00e9ventuelles responsabilit\u00e9s qui pourraient d\u00e9couler de cette finalit\u00e9 et du traitement des donn\u00e9es.<\/p>\n<p>&nbsp;<\/p>\n<p><br \/>TRATAMIENTO DE\u00a0<strong>CLIENTS<\/strong><\/p>\n<p>&nbsp;<\/p>\n<p><br \/><strong>Finalidad :<\/strong>\u00a0Gestion des relations avec les clients, facturation et recouvrement. Env\u00edo de ofertas de productos\/ servicios similares o complementarios de los que nos hayas comprado.<\/p>\n<p>&nbsp;<\/p>\n<p><strong>L\u00e9gitimation :<\/strong>\u00a0Relation contractuelle et int\u00e9r\u00eats l\u00e9gitimes.<\/p>\n<p>&nbsp;<\/p>\n<p><strong>Destinatarios :<\/strong>\u00a0Ces donn\u00e9es seront communiqu\u00e9es aux administrations publiques comp\u00e9tentes dans les cas pr\u00e9vus par la l\u00e9gislation en vigueur et avec les objectifs fix\u00e9s par cette l\u00e9gislation. S\u00f3lo los comunicaremos a aquellos terceros si resultan imprescindibles para la prestaci\u00f3n del servicio.<\/p>\n<p>&nbsp;<\/p>\n<p><strong>Periodo de conservaci\u00f3n :<\/strong>\u00a0Nous conservons vos donn\u00e9es pour une dur\u00e9e ind\u00e9termin\u00e9e jusqu'\u00e0 ce que vous ayez termin\u00e9 le d\u00e9lai obligatoire pr\u00e9vu par la loi, ou jusqu'\u00e0 ce que vous demandiez l'annulation de ces donn\u00e9es.<br \/><br \/><\/p>\n<p>&nbsp;<\/p>\n<p>TRATAMIENTO DE\u00a0<strong>MARKETING<\/strong><\/p>\n<p>&nbsp;<\/p>\n<p>&nbsp;<\/p>\n<p><strong>Finalidad :<\/strong>\u00a0Proporcionarte informaci\u00f3n de productos y servicios que consideremos que puedan ser de tu inter\u00e9s. En cada comunicaci\u00f3n comercial tendr\u00e1s la oportunidad de oponerte a este tratamiento d\u00e1ndote de baja.<\/p>\n<p>&nbsp;<\/p>\n<p><strong>L\u00e9gitimation :<\/strong>\u00a0Consentimiento del interesado.<\/p>\n<p>&nbsp;<\/p>\n<p><strong>Destinatarios :<\/strong>\u00a0No se ceder\u00e1n datos a terceros.<\/p>\n<p>&nbsp;<\/p>\n<p><strong>Periodo de conservaci\u00f3n :<\/strong>\u00a0Nous conservons vos donn\u00e9es pendant une p\u00e9riode ind\u00e9finie. Nous les annulons si vous nous en faites la demande ou si, apr\u00e8s un certain nombre de messages \u00e9lectroniques, vous ne r\u00e9alisez aucune action.<br \/><br \/><\/p>\n<p>&nbsp;<\/p>\n<p>TRATAMIENTO DE\u00a0<strong>RRHH<\/strong><\/p>\n<p>&nbsp;<\/p>\n<p><br \/><strong>Finalidad :<\/strong>\u00a0Valorar el curriculum vitae que nos facilites para considerarte en los procesos de selecci\u00f3n de personal que podamos realizar.<\/p>\n<p>&nbsp;<\/p>\n<p><strong>L\u00e9gitimation :<\/strong>\u00a0Consentimiento del interesado.<\/p>\n<p>&nbsp;<\/p>\n<p><strong>Destinatarios :<\/strong>\u00a0No se ceder\u00e1n datos a terceros.<\/p>\n<p>&nbsp;<\/p>\n<p><strong>Periodo de conservaci\u00f3n :<\/strong>\u00a0Nous conservons vos donn\u00e9es pendant une p\u00e9riode qui ne d\u00e9passe pas 5 ans.<\/p>\n<p>&nbsp;<\/p>\n<p>&nbsp;<\/p>\n<p><br \/>TRATAMIENTO DE\u00a0<strong>VIDEOVIGILANCE<\/strong><\/p>\n<p>&nbsp;<\/p>\n<p><br \/><strong>Finalidad :<\/strong>\u00a0Videovigilancia de las instalaciones y control laboral.<\/p>\n<p>&nbsp;<\/p>\n<p>&nbsp;<\/p>\n<p><strong>L\u00e9gitimation :<\/strong>\u00a0Inter\u00e9s leg\u00edtimo del Responsable del tratamiento.<\/p>\n<p>&nbsp;<\/p>\n<p>&nbsp;<\/p>\n<p><strong>Destinatarios :<\/strong>\u00a0Las im\u00e1genes podr\u00e1n ser comunicadas a las Fuerzas y Cuerpos de Seguridad, a los \u00d3rganos Judiciales y al Ministerio Fiscal.<\/p>\n<p>&nbsp;<\/p>\n<p>&nbsp;<\/p>\n<p><strong>Periodo de conservaci\u00f3n :<\/strong>\u00a0Nous conservons vos donn\u00e9es pendant une p\u00e9riode ne d\u00e9passant pas 1 mois.<br \/><br \/><br \/><\/p>\n\n\n\n<h3 class=\"wp-block-heading\">\u00a0<\/h3>\n<h3><strong>TUS DERECHOS<\/strong><\/h3>\n\n\n\n<p>&nbsp;<\/p>\n<p><br \/>Vous avez le droit de nous demander une copie de vos donn\u00e9es personnelles, de rectifier les donn\u00e9es inexactes ou de les compl\u00e9ter si elles sont incompl\u00e8tes, ou dans ce cas de les supprimer, si elles ne sont pas n\u00e9cessaires aux fins pour lesquelles elles ont \u00e9t\u00e9 recueillies.<br \/><br \/>Tambi\u00e9n tienes derecho a limitar el tratamiento de tus datos personales y a obtener tus datos personales en un formato estructurado y legible.<br \/><br \/>Puedes oponerte al tratamiento de tus datos personales en algunas circunstancias (en particulier, cuando no tengamos que procesarlos para cumplir con un requisito contractual u otro requisito legal, o cuando el objeto del tratamiento sea el marketing directo).<br \/><br \/>Lorsque vous avez donn\u00e9 votre consentement, vous pouvez le retirer \u00e0 tout moment. En ese momento dejaremos de tratar tus datos o, en su caso, dejaremos de hacerlo para esa finalidad en concreto. Si vous d\u00e9cidez de retirer votre consentement, cela n'affectera en rien le traitement des donn\u00e9es qui a eu lieu pendant que votre consentement \u00e9tait en vigueur.<br \/><br \/>Estos derechos podr\u00e1n verse limitados ; por ejemplo si para cumplir tu solicitud tuvi\u00e9semos que revelar datos sobre otra persona, o si nos solicitas que eliminemos algunos registros que estamos obligados a mantener por una obligaci\u00f3n legal o por un inter\u00e9s leg\u00edtimo, como pueda ser el ejercicio de defensa ante reclamaciones. O incluso en aquellos casos donde debe prevalecer el derecho a la libertad de expresi\u00f3n e informaci\u00f3n.<br \/><br \/>Puedes contactar con nosotros por cualquiera de los medios indicados en el apartado Responsable del Tratamiento de esta pol\u00edtica de privacidad, aportando una copia de un documento que acredite tu identidad (normalmente el DNI).<br \/><br \/>Un autre de vos droits est celui de ne pas \u00eatre l'objet d'une d\u00e9cision bas\u00e9e uniquement sur un traitement automatis\u00e9, y compris l'\u00e9laboration de profils qui produisent des effets juridiques ou vous affectent.<br \/><br \/>En cas de violation de vos droits, par exemple si nous n'avons pas r\u00e9pondu \u00e0 votre demande, vous avez le droit de pr\u00e9senter une r\u00e9clamation \u00e0 l'autorit\u00e9 de contr\u00f4le en mati\u00e8re de protection des donn\u00e9es. Il peut s'agir de l'autorit\u00e9 de votre pays (si vous vivez hors d'Espagne) ou de l'Agence espagnole de protection des donn\u00e9es (si vous vivez en Espagne).<\/p>\n\n\n\n<h3 class=\"wp-block-heading\">\u00a0<\/h3>\n<h3>\u00a0<\/h3>\n<h3><strong>Informations compl\u00e9mentaires<\/strong><\/h3>\n<p>&nbsp;<\/p>\n<p>&nbsp;<\/p>\n\n\n\n<p><strong>Traitement de vos donn\u00e9es en dehors de l'espace \u00e9conomique europ\u00e9en.<\/strong><\/p>\n<p><br \/>Pour les traitements indiqu\u00e9s, nous pouvons utiliser les services des fournisseurs suivants, qui sont situ\u00e9s dans l'Espace \u00e9conomique europ\u00e9en, mais qui ont adh\u00e9r\u00e9 \u00e0 l'accord Privacy Shield, approuv\u00e9 par les autorit\u00e9s de protection des donn\u00e9es de l'Union europ\u00e9enne.<br \/><br \/><strong>GOOGLE :<\/strong>\u00a0Services en ligne et courrier \u00e9lectronique. Plus d'informations :\u00a0<a href=\"https:\/\/www.privacyshield.gov\/participant?id=a2zt000000001L5AAI\" target=\"_blank\" rel=\"noreferrer noopener\">https:\/\/www.privacyshield.gov\/participant?id=a2zt000000001L5AAI<\/a><\/p>\n<p>&nbsp;<\/p>\n<p><strong>MICROSOFT :<\/strong>\u00a0Services en ligne, communication par Skype et courrier \u00e9lectronique. Plus d'informations :\u00a0<a href=\"https:\/\/www.privacyshield.gov\/participant?id=a2zt0000000KzNaAAK\" target=\"_blank\" rel=\"noreferrer noopener\">https:\/\/www.privacyshield.gov\/participant?id=a2zt0000000KzNaAAK<\/a><\/p>\n<p>&nbsp;<\/p>\n<p><strong>AMAZON :<\/strong>\u00a0Servicios en la nube. Plus d'informations :\u00a0<a href=\"https:\/\/www.privacyshield.gov\/participant?id=a2zt0000000TOWQAA4\" target=\"_blank\" rel=\"noreferrer noopener\">https:\/\/www.privacyshield.gov\/participant?id=a2zt0000000TOWQAA4<\/a><\/p>\n<p>&nbsp;<\/p>\n<p><strong>DROPBOX :<\/strong>\u00a0Almacenamiento en la nube, sincronizaci\u00f3n y compartici\u00f3n de archivos. Plus d'informations :\u00a0<a href=\"https:\/\/www.privacyshield.gov\/participant?id=a2zt0000000GnCLAA0\" target=\"_blank\" rel=\"noreferrer noopener\">https:\/\/www.privacyshield.gov\/participant?id=a2zt0000000GnCLAA0<\/a><\/p>\n<p>&nbsp;<\/p>\n<p><strong>MAILCHIMP :<\/strong>\u00a0Gestion des envois de courriers \u00e9lectroniques. Plus d'informations :\u00a0<a href=\"https:\/\/www.privacyshield.gov\/participant?id=a2zt0000000TO6hAAG\" target=\"_blank\" rel=\"noreferrer noopener\">https:\/\/www.privacyshield.gov\/participant?id=a2zt0000000TO6hAAG<\/a><\/p>\n<p>&nbsp;<\/p>\n<p><strong>WHATSAPP :<\/strong>\u00a0Service de messagerie instantan\u00e9e et d'envoi d'archives. Plus d'informations :\u00a0<a href=\"https:\/\/www.privacyshield.gov\/participant?id=a2zt0000000TSnwAAG\" target=\"_blank\" rel=\"noreferrer noopener\">https:\/\/www.privacyshield.gov\/participant?id=a2zt0000000TSnwAAG<\/a><br \/><br \/><br \/><strong>Enlaces a sitios web de terceros.<\/strong><\/p>\n<p><br \/>Notre site Web peut, dans certaines circonstances, contenir des liens vers d'autres sites Web. Es tu responsabilidad asegurarte de leer la pol\u00edtica de protecci\u00f3n de datos y las condiciones legales que se apliquen a cada sitio.<br \/><br \/><strong>Datos de terceros.<\/strong><\/p>\n<p><br \/>Si nous facilitons les donn\u00e9es de tiers, nous assumons la responsabilit\u00e9 d'en informer les tiers conform\u00e9ment \u00e0 l'article 14 du RGPD.<\/p>\n<p>&nbsp;<\/p>\n\n\n\n<p><strong>FORMULAIRE DE CONTACT :<\/strong><\/p>\n<p>&nbsp;<\/p>\n<p>&nbsp;<\/p>\n\n\n\n<p>Les donn\u00e9es \u00e0 caract\u00e8re personnel qui figurent dans la consultation sont trait\u00e9es par CLUTCH TIME SL et incorpor\u00e9es \u00e0 l'activit\u00e9 de traitement des contacts, dont la finalit\u00e9 est de r\u00e9pondre \u00e0 vos demandes, requ\u00eates ou consultations re\u00e7ues sur le Web, par courrier \u00e9lectronique ou par t\u00e9l\u00e9phone. R\u00e9pondre \u00e0 votre demande et effectuer un suivi ult\u00e9rieur.<br \/>La legitimaci\u00f3n del tratamiento es tu consentimiento. Vos donn\u00e9es ne seront pas c\u00e9d\u00e9es \u00e0 des tiers. Vous avez le droit d'acc\u00e9der \u00e0 vos donn\u00e9es, de les rectifier et de les supprimer, ainsi que d'autres droits, comme indiqu\u00e9 dans notre politique de confidentialit\u00e9.<\/p>\n<p>&nbsp;<\/p>\n\n\n\n<p><strong>FORMULAIRE DE CAPTURE D'EMAILS POUR L'ENVOI DE COMMUNICATIONS COMMERCIALES :<\/strong><\/p>\n<p>&nbsp;<\/p>\n<p>&nbsp;<\/p>\n\n\n\n<p>Vos donn\u00e9es seront trait\u00e9es par CLUTCH TIME SL, dans le but de vous envoyer des informations commerciales, par courrier \u00e9lectronique ou par t\u00e9l\u00e9phone, sur les produits et services que nous consid\u00e9rons comme pouvant vous int\u00e9resser.<br \/>La legitimaci\u00f3n del tratamiento es tu consentimiento, que podr\u00e1s retirar en cualquier momento. Vos donn\u00e9es ne seront pas c\u00e9d\u00e9es \u00e0 des tiers. Vous avez le droit d'acc\u00e9der \u00e0 vos donn\u00e9es, de les rectifier et de les supprimer, ainsi que d'autres droits, comme indiqu\u00e9 dans notre politique de confidentialit\u00e9.<\/p>\n<p>&nbsp;<\/p>\n\n\n\n<p><strong>FORMULARIO DE CAPTACI\u00d3N DE EMAILS PARA ENVIO DE BOLET\u00cdN INFORMATIVO (Newsletter) :<\/strong><\/p>\n<p>&nbsp;<\/p>\n<p>&nbsp;<\/p>\n\n\n\n<p>Vos donn\u00e9es seront trait\u00e9es par CLUTCH TIME SL, dans le but de vous envoyer nos bulletins d'information par courrier \u00e9lectronique.<br \/>La legitimaci\u00f3n del tratamiento es tu consentimiento, que podr\u00e1s retirar en cualquier momento. Vos donn\u00e9es ne seront pas c\u00e9d\u00e9es \u00e0 des tiers. Vous avez le droit d'acc\u00e9der \u00e0 vos donn\u00e9es, de les rectifier et de les supprimer, ainsi que d'autres droits, comme indiqu\u00e9 dans notre politique de confidentialit\u00e9.<\/p>\n<p>&nbsp;<\/p>\n\n\n\n<h3 class=\"wp-block-heading\"><strong>POLITIQUE EN MATI\u00c8RE DE COOKIES :<\/strong><\/h3>\n<p>&nbsp;<\/p>\n<p>&nbsp;<\/p>\n<p>&nbsp;<\/p>\n\n\n\n<p><strong>INFORMATION SUR LES COOKIES :<\/strong><\/p>\n<p>&nbsp;<\/p>\n<p><br \/>Les cookies sont des fichiers que vous pouvez t\u00e9l\u00e9charger sur votre ordinateur par l'interm\u00e9diaire de vos pages Web. Ce sont des outils qui jouent un r\u00f4le essentiel dans la prestation de nombreux services de la soci\u00e9t\u00e9 de l'information. Entre autres, ils permettent \u00e0 une page web de conserver et de r\u00e9cup\u00e9rer des informations sur les habitudes de navigation d'un utilisateur ou de son \u00e9quipe et, en fonction des informations obtenues, ils peuvent les utiliser pour reconna\u00eetre l'utilisateur et am\u00e9liorer le service offert.<\/p>\n<p>&nbsp;<\/p>\n\n\n\n<p><strong>TIPOS DE COOKIES :<\/strong><\/p>\n<p>&nbsp;<\/p>\n<p><br \/>Selon le nom de l'entit\u00e9 qui g\u00e8re le domaine \u00e0 partir duquel les cookies sont envoy\u00e9s et qui traite les donn\u00e9es obtenues, on distingue deux types de cookies : les cookies propres et les cookies de tiers.<br \/>Il existe \u00e9galement une deuxi\u00e8me classification selon la dur\u00e9e de conservation des donn\u00e9es dans le navigateur du client, qui peut prendre la forme de cookies de session ou de cookies persistants.<br \/>Par ailleurs, il existe une autre classification comprenant cinq types de cookies selon la finalit\u00e9 pour laquelle les donn\u00e9es obtenues sont trait\u00e9es : les cookies techniques, les cookies de personnalisation, les cookies d'analyse, les cookies publicitaires et les cookies de publicit\u00e9 comportementale.<\/p>\n<p>&nbsp;<\/p>\n\n\n\n<p><strong>LES COOKIES UTILIS\u00c9S SUR LE WEB :<\/strong><\/p>\n<p><br \/>A continuaci\u00f3n se identifican las cookies que est\u00e1n siendo utilizadas en este portal as\u00ed como su tipolog\u00eda y funci\u00f3n :<br \/>Un cookie propre de type technique d\u00e9nomm\u00e9 PHPSESSID est n\u00e9cessaire pour une navigation correcte sur les pages Web.<br \/>Cookies de Google Analytics, un service d'analyse web d\u00e9velopp\u00e9 par Google, qui permet de mesurer et d'analyser la navigation sur les pages web. Dans votre navigateur, vous pourrez observer 4 cookies de ce service. Seg\u00fan la tipolog\u00eda anterior se trata de cookies propias, de sesi\u00f3n y de an\u00e1lisis. Puede encontrar m\u00e1s informaci\u00f3n al respecto e inhabilitar el uso de estas cookies en :<br \/><a target=\"_blank\" rel=\"noreferrer noopener\">http:\/\/www.google.es\/intl\/es_ALL\/analytics\/learn\/privacy.html<\/a><br \/>A travers l'analyse web, aucune information n'est obtenue sur vos donn\u00e9es personnelles, ce qui garantit la protection de la vie priv\u00e9e des personnes qui naviguent sur le web. Les informations que nous obtenons sont celles relatives au nombre d'utilisateurs qui acc\u00e8dent au site, au nombre de pages visit\u00e9es, \u00e0 la fr\u00e9quence et \u00e0 la r\u00e9p\u00e9tition des visites, \u00e0 leur dur\u00e9e, au navigateur utilis\u00e9, \u00e0 l'op\u00e9rateur qui fournit le service, \u00e0 l'idiome, au terminal utilis\u00e9, ou \u00e0 la ville \u00e0 laquelle est attribu\u00e9e la direction IP. Informations permettant d'am\u00e9liorer et de mieux adapter le service offert par le portail.<\/p>\n<p>&nbsp;<\/p>\n\n\n\n<p><strong>C\u00d3MO MODIFICAR LA CONFIGURACI\u00d3N DE LAS COOKIES :<\/strong>\u00a0<\/p>\n<p>&nbsp;<\/p>\n\n\n\n<p><br \/>Usted puede restringir, bloquear o borrar las cookies de este sitio o cualquier otra p\u00e1gina web, utilizando su navegador. Le fonctionnement de chaque navigateur \u00e9tant diff\u00e9rent, la fonction d'assistance vous indiquera comment proc\u00e9der.<\/p>\n\n\n\n<ul class=\"wp-block-list\">\n<li>Internet Explorer :\u00a0<a href=\"http:\/\/windows.microsoft.com\/es-xl\/internet-explorer\/delete-manage-cookies#ie=ie-10\" target=\"_blank\" rel=\"noreferrer noopener\">http:\/\/windows.microsoft.com\/es-xl\/internet-explorer\/delete-manage-cookies#ie=ie-10<\/a><\/li>\n<li>FireFox :\u00a0<a href=\"https:\/\/support.mozilla.org\/es\/kb\/Borrar%20cookies\" target=\"_blank\" rel=\"noreferrer noopener\">https:\/\/support.mozilla.org\/es\/kb\/Borrar%20cookies<\/a><\/li>\n<li>Chrome :\u00a0<a href=\"https:\/\/support.google.com\/chrome\/answer\/95647?hl=es\" target=\"_blank\" rel=\"noreferrer noopener\">https:\/\/support.google.com\/chrome\/answer\/95647?hl=es<\/a><\/li>\n<\/ul>","protected":false},"excerpt":{"rendered":"<p>Para cumplir la normativa est\u00e1 obligado a: Incorporar en un lugar visible del sitio web los datos de la empresa titular (requisitos LSSI). La forma m\u00e1s elegante de hacer esto es a\u00f1adir en el p\u00ede de p\u00e1gina de la web (com\u00fan a todas las p\u00e1ginas) un enlace a una p\u00e1gina llamada\u00a0AVISO LEGAL\u00a0que contenga la siguiente [&hellip;]<\/p>\n","protected":false},"author":4,"featured_media":0,"parent":0,"menu_order":0,"comment_status":"closed","ping_status":"closed","template":"","meta":{"footnotes":""},"class_list":["post-10611","page","type-page","status-publish","hentry"],"acf":[],"yoast_head":"<!-- This site is optimized with the Yoast SEO plugin v27.5 - https:\/\/yoast.com\/product\/yoast-seo-wordpress\/ -->\n<title>Aviso Legal - everything ibiza Properties<\/title>\n<meta name=\"robots\" content=\"index, follow, max-snippet:-1, max-image-preview:large, max-video-preview:-1\" \/>\n<link rel=\"canonical\" href=\"https:\/\/www.everythingibiza.com\/fr\/aviso-legal\/\" \/>\n<meta property=\"og:locale\" content=\"fr_FR\" \/>\n<meta property=\"og:type\" content=\"article\" \/>\n<meta property=\"og:title\" content=\"Aviso Legal - everything ibiza Properties\" \/>\n<meta property=\"og:description\" content=\"Para cumplir la normativa est\u00e1 obligado a: Incorporar en un lugar visible del sitio web los datos de la empresa titular (requisitos LSSI). La forma m\u00e1s elegante de hacer esto es a\u00f1adir en el p\u00ede de p\u00e1gina de la web (com\u00fan a todas las p\u00e1ginas) un enlace a una p\u00e1gina llamada\u00a0AVISO LEGAL\u00a0que contenga la siguiente [&hellip;]\" \/>\n<meta property=\"og:url\" content=\"https:\/\/www.everythingibiza.com\/fr\/aviso-legal\/\" \/>\n<meta property=\"og:site_name\" content=\"everything ibiza Properties\" \/>\n<meta property=\"og:image\" content=\"https:\/\/everythingibiza.com\/wp-content\/uploads\/2019\/10\/legal.jpg\" \/>\n<meta name=\"twitter:card\" content=\"summary_large_image\" \/>\n<meta name=\"twitter:label1\" content=\"Dur\u00e9e de lecture estim\u00e9e\" \/>\n\t<meta name=\"twitter:data1\" content=\"13 minutes\" \/>\n<script type=\"application\/ld+json\" class=\"yoast-schema-graph\">{\"@context\":\"https:\\\/\\\/schema.org\",\"@graph\":[{\"@type\":\"WebPage\",\"@id\":\"https:\\\/\\\/www.everythingibiza.com\\\/aviso-legal\\\/\",\"url\":\"https:\\\/\\\/www.everythingibiza.com\\\/aviso-legal\\\/\",\"name\":\"Aviso Legal - everything ibiza Properties\",\"isPartOf\":{\"@id\":\"https:\\\/\\\/www.everythingibiza.com\\\/#website\"},\"primaryImageOfPage\":{\"@id\":\"https:\\\/\\\/www.everythingibiza.com\\\/aviso-legal\\\/#primaryimage\"},\"image\":{\"@id\":\"https:\\\/\\\/www.everythingibiza.com\\\/aviso-legal\\\/#primaryimage\"},\"thumbnailUrl\":\"https:\\\/\\\/everythingibiza.com\\\/wp-content\\\/uploads\\\/2019\\\/10\\\/legal.jpg\",\"datePublished\":\"2019-10-22T13:19:33+00:00\",\"breadcrumb\":{\"@id\":\"https:\\\/\\\/www.everythingibiza.com\\\/aviso-legal\\\/#breadcrumb\"},\"inLanguage\":\"fr-FR\",\"potentialAction\":[{\"@type\":\"ReadAction\",\"target\":[\"https:\\\/\\\/www.everythingibiza.com\\\/aviso-legal\\\/\"]}]},{\"@type\":\"ImageObject\",\"inLanguage\":\"fr-FR\",\"@id\":\"https:\\\/\\\/www.everythingibiza.com\\\/aviso-legal\\\/#primaryimage\",\"url\":\"https:\\\/\\\/everythingibiza.com\\\/wp-content\\\/uploads\\\/2019\\\/10\\\/legal.jpg\",\"contentUrl\":\"https:\\\/\\\/everythingibiza.com\\\/wp-content\\\/uploads\\\/2019\\\/10\\\/legal.jpg\"},{\"@type\":\"BreadcrumbList\",\"@id\":\"https:\\\/\\\/www.everythingibiza.com\\\/aviso-legal\\\/#breadcrumb\",\"itemListElement\":[{\"@type\":\"ListItem\",\"position\":1,\"name\":\"Home\",\"item\":\"https:\\\/\\\/www.everythingibiza.com\\\/\"},{\"@type\":\"ListItem\",\"position\":2,\"name\":\"Aviso Legal\"}]},{\"@type\":\"WebSite\",\"@id\":\"https:\\\/\\\/www.everythingibiza.com\\\/#website\",\"url\":\"https:\\\/\\\/www.everythingibiza.com\\\/\",\"name\":\"everything ibiza Properties\",\"description\":\"Accredited &amp; Trusted Real Estate Agent in Ibiza Since 1999\",\"potentialAction\":[{\"@type\":\"SearchAction\",\"target\":{\"@type\":\"EntryPoint\",\"urlTemplate\":\"https:\\\/\\\/www.everythingibiza.com\\\/?s={search_term_string}\"},\"query-input\":{\"@type\":\"PropertyValueSpecification\",\"valueRequired\":true,\"valueName\":\"search_term_string\"}}],\"inLanguage\":\"fr-FR\"}]}<\/script>\n<!-- \/ Yoast SEO plugin. -->","yoast_head_json":{"title":"Aviso Legal - everything ibiza Properties","robots":{"index":"index","follow":"follow","max-snippet":"max-snippet:-1","max-image-preview":"max-image-preview:large","max-video-preview":"max-video-preview:-1"},"canonical":"https:\/\/www.everythingibiza.com\/fr\/aviso-legal\/","og_locale":"fr_FR","og_type":"article","og_title":"Aviso Legal - everything ibiza Properties","og_description":"Para cumplir la normativa est\u00e1 obligado a: Incorporar en un lugar visible del sitio web los datos de la empresa titular (requisitos LSSI). La forma m\u00e1s elegante de hacer esto es a\u00f1adir en el p\u00ede de p\u00e1gina de la web (com\u00fan a todas las p\u00e1ginas) un enlace a una p\u00e1gina llamada\u00a0AVISO LEGAL\u00a0que contenga la siguiente [&hellip;]","og_url":"https:\/\/www.everythingibiza.com\/fr\/aviso-legal\/","og_site_name":"everything ibiza Properties","og_image":[{"url":"https:\/\/everythingibiza.com\/wp-content\/uploads\/2019\/10\/legal.jpg","type":"","width":"","height":""}],"twitter_card":"summary_large_image","twitter_misc":{"Dur\u00e9e de lecture estim\u00e9e":"13 minutes"},"schema":{"@context":"https:\/\/schema.org","@graph":[{"@type":"WebPage","@id":"https:\/\/www.everythingibiza.com\/aviso-legal\/","url":"https:\/\/www.everythingibiza.com\/aviso-legal\/","name":"Aviso Legal - everything ibiza Properties","isPartOf":{"@id":"https:\/\/www.everythingibiza.com\/#website"},"primaryImageOfPage":{"@id":"https:\/\/www.everythingibiza.com\/aviso-legal\/#primaryimage"},"image":{"@id":"https:\/\/www.everythingibiza.com\/aviso-legal\/#primaryimage"},"thumbnailUrl":"https:\/\/everythingibiza.com\/wp-content\/uploads\/2019\/10\/legal.jpg","datePublished":"2019-10-22T13:19:33+00:00","breadcrumb":{"@id":"https:\/\/www.everythingibiza.com\/aviso-legal\/#breadcrumb"},"inLanguage":"fr-FR","potentialAction":[{"@type":"ReadAction","target":["https:\/\/www.everythingibiza.com\/aviso-legal\/"]}]},{"@type":"ImageObject","inLanguage":"fr-FR","@id":"https:\/\/www.everythingibiza.com\/aviso-legal\/#primaryimage","url":"https:\/\/everythingibiza.com\/wp-content\/uploads\/2019\/10\/legal.jpg","contentUrl":"https:\/\/everythingibiza.com\/wp-content\/uploads\/2019\/10\/legal.jpg"},{"@type":"BreadcrumbList","@id":"https:\/\/www.everythingibiza.com\/aviso-legal\/#breadcrumb","itemListElement":[{"@type":"ListItem","position":1,"name":"Home","item":"https:\/\/www.everythingibiza.com\/"},{"@type":"ListItem","position":2,"name":"Aviso Legal"}]},{"@type":"WebSite","@id":"https:\/\/www.everythingibiza.com\/#website","url":"https:\/\/www.everythingibiza.com\/","name":"tout ce qui concerne les propri\u00e9t\u00e9s d'ibiza","description":"Agent immobilier accr\u00e9dit\u00e9 et de confiance \u00e0 Ibiza depuis 1999","potentialAction":[{"@type":"SearchAction","target":{"@type":"EntryPoint","urlTemplate":"https:\/\/www.everythingibiza.com\/?s={search_term_string}"},"query-input":{"@type":"PropertyValueSpecification","valueRequired":true,"valueName":"search_term_string"}}],"inLanguage":"fr-FR"}]}},"_links":{"self":[{"href":"https:\/\/www.everythingibiza.com\/fr\/wp-json\/wp\/v2\/pages\/10611","targetHints":{"allow":["GET"]}}],"collection":[{"href":"https:\/\/www.everythingibiza.com\/fr\/wp-json\/wp\/v2\/pages"}],"about":[{"href":"https:\/\/www.everythingibiza.com\/fr\/wp-json\/wp\/v2\/types\/page"}],"author":[{"embeddable":true,"href":"https:\/\/www.everythingibiza.com\/fr\/wp-json\/wp\/v2\/users\/4"}],"replies":[{"embeddable":true,"href":"https:\/\/www.everythingibiza.com\/fr\/wp-json\/wp\/v2\/comments?post=10611"}],"version-history":[{"count":0,"href":"https:\/\/www.everythingibiza.com\/fr\/wp-json\/wp\/v2\/pages\/10611\/revisions"}],"wp:attachment":[{"href":"https:\/\/www.everythingibiza.com\/fr\/wp-json\/wp\/v2\/media?parent=10611"}],"curies":[{"name":"wp","href":"https:\/\/api.w.org\/{rel}","templated":true}]}}